{"id":32308,"date":"2025-11-21T22:37:12","date_gmt":"2025-11-21T22:37:12","guid":{"rendered":"https:\/\/irinasb.com\/?post_type=product&#038;p=32308"},"modified":"2026-04-07T10:21:00","modified_gmt":"2026-04-07T10:21:00","slug":"colar-com-pedras-bordo-e-passaro","status":"publish","type":"product","link":"https:\/\/irinasb.com\/en\/product\/colar-com-pedras-bordo-e-passaro\/","title":{"rendered":"Colar com Pedras Coloridas e P\u00e1ssaro"},"content":{"rendered":"<article class=\"text-token-text-primary w-full focus:outline-none [--shadow-height:45px] has-data-writing-block:pointer-events-none has-data-writing-block:-mt-(--shadow-height) has-data-writing-block:pt-(--shadow-height) [&amp;:has([data-writing-block])&gt;*]:pointer-events-auto [content-visibility:auto] supports-[content-visibility:auto]:[contain-intrinsic-size:auto_100lvh] scroll-mt-[calc(var(--header-height)+min(200px,max(70px,20svh)))]\" dir=\"auto\" tabindex=\"-1\" data-turn-id=\"f6ea78cf-e486-4623-8f36-736d05339b66\" data-testid=\"conversation-turn-103\" data-scroll-anchor=\"true\" data-turn=\"assistant\">\n<div class=\"text-base my-auto mx-auto pb-10 [--thread-content-margin:--spacing(4)] thread-sm:[--thread-content-margin:--spacing(6)] thread-lg:[--thread-content-margin:--spacing(16)] px-(--thread-content-margin)\">\n<div class=\"[--thread-content-max-width:40rem] thread-lg:[--thread-content-max-width:48rem] mx-auto max-w-(--thread-content-max-width) flex-1 group\/turn-messages focus-visible:outline-hidden relative flex w-full min-w-0 flex-col agent-turn\" tabindex=\"-1\">\n<div class=\"flex max-w-full flex-col grow\">\n<div class=\"min-h-8 text-message relative flex w-full flex-col items-end gap-2 text-start break-words whitespace-normal [.text-message+&amp;]:mt-1\" dir=\"auto\" data-message-author-role=\"assistant\" data-message-id=\"768c3256-eecc-41bb-a531-77daea26ce88\" data-message-model-slug=\"gpt-5-1\">\n<div class=\"flex w-full flex-col gap-1 empty:hidden first:pt-[1px]\">\n<div class=\"markdown prose dark:prose-invert w-full break-words light markdown-new-styling\">\n<p data-start=\"559\" data-end=\"774\">Este colar \u00e9 ideal para quem procura uma joia que alia beleza art\u00edstica e significado emocional. Pode ser usado tanto no dia a dia como em ocasi\u00f5es especiais, adicionando um toque de eleg\u00e2ncia natural ao seu estilo.<\/p>\n<ul data-start=\"806\" data-end=\"1211\">\n<li data-start=\"806\" data-end=\"894\">\n<p data-start=\"808\" data-end=\"894\"><strong data-start=\"808\" data-end=\"818\">Pedras<\/strong>: Coloridas em tons de verde, rosa, amarelo e azul, que destacam a sofistica\u00e7\u00e3o da pe\u00e7a.<\/p>\n<\/li>\n<li data-start=\"895\" data-end=\"979\">\n<p data-start=\"897\" data-end=\"979\"><strong data-start=\"897\" data-end=\"909\">Pendente<\/strong>: Forma de p\u00e1ssaro, simbolizando liberdade e conex\u00e3o com a natureza, produzido em lat\u00e3o com banho de ouro.<\/p>\n<\/li>\n<li data-start=\"1130\" data-end=\"1211\">\n<p data-start=\"1132\" data-end=\"1211\"><strong data-start=\"1132\" data-end=\"1147\">Comprimento<\/strong>: adapt\u00e1vel para diferentes decotes (se dispon\u00edvel especificar).<\/p>\n<\/li>\n<\/ul>\n<h4 data-start=\"1218\" data-end=\"1258\">Porque Deve Escolher Este Colar<\/h4>\n<ul data-start=\"1259\" data-end=\"1802\">\n<li data-start=\"1259\" data-end=\"1392\">\n<p data-start=\"1261\" data-end=\"1392\"><strong data-start=\"1261\" data-end=\"1286\">Significado simb\u00f3lico<\/strong>: o p\u00e1ssaro representa liberdade, leveza e sonhos, ideal para quem valoriza o simbolismo nas suas joias.<\/p>\n<\/li>\n<li data-start=\"1491\" data-end=\"1567\">\n<p data-start=\"1493\" data-end=\"1567\"><strong data-start=\"1493\" data-end=\"1512\">Design vers\u00e1til<\/strong>: combina com estilos modernos, bo\u00e9mios ou cl\u00e1ssicos.<\/p>\n<\/li>\n<li data-start=\"1491\" data-end=\"1567\"><strong>Comprimento:<\/strong> 43cm + 4 cm de ajuste<\/li>\n<li data-start=\"1568\" data-end=\"1669\">\n<p data-start=\"1570\" data-end=\"1669\"><strong data-start=\"1570\" data-end=\"1601\">Pe\u00e7a dur\u00e1vel e de qualidade<\/strong>: materiais selecionados para garantir resist\u00eancia e durabilidade.<\/p>\n<\/li>\n<li data-start=\"1670\" data-end=\"1802\">\n<p data-start=\"1672\" data-end=\"1802\"><strong data-start=\"1672\" data-end=\"1693\">Presente marcante<\/strong>: perfeito para oferecer num anivers\u00e1rio, numa data especial ou simplesmente para mimar algu\u00e9m com bom gosto.<\/p>\n<\/li>\n<\/ul>\n<p data-start=\"1836\" data-end=\"2133\">Este colar \u00e9 ideal para mulheres que adoram a natureza, s\u00edmbolos de liberdade e a profundidade de cores intensas. Funciona t\u00e3o bem com um look casual do dia a dia como com uma produ\u00e7\u00e3o mais elegante \u00e0 noite. Tamb\u00e9m pode ser uma pe\u00e7a de destaque numa cole\u00e7\u00e3o de joias mais simb\u00f3licas ou art\u00edsticas.<\/p>\n<p data-start=\"2487\" data-end=\"2603\">\n<\/div>\n<\/div>\n<\/div>\n<\/div>\n<div class=\"z-0 flex min-h-[46px] justify-start\"><\/div>\n<div class=\"mt-3 w-full empty:hidden\">\n<div class=\"text-center\"><\/div>\n<\/div>\n<\/div>\n<\/div>\n<\/article>\n<div class=\"pointer-events-none h-px w-px\" aria-hidden=\"true\" data-edge=\"true\"><\/div>","protected":false},"excerpt":{"rendered":"<p>Uma pe\u00e7a \u00fanica que combina a profundidade das pedras coloridas com a delicadeza de um p\u00e1ssaro esculpido. As pedras em tonalidades de verde, rosa, amarelo e azul, selecionadas cuidadosamente, conferem um brilho rico e sofisticado, enquanto o pendente em forma de p\u00e1ssaro simboliza liberdade, harmonia e inspira\u00e7\u00e3o.<\/p>","protected":false},"featured_media":32914,"comment_status":"closed","ping_status":"closed","template":"","meta":[],"product_brand":[],"product_cat":[110],"product_tag":[621,853],"class_list":{"0":"post-32308","1":"product","2":"type-product","3":"status-publish","4":"has-post-thumbnail","6":"product_cat-colares","7":"product_tag-colar-bordo","8":"product_tag-colar-pedras-e-passaro","10":"first","11":"outofstock","12":"shipping-taxable","13":"purchasable","14":"product-type-simple"},"yoast_head":"<!-- This site is optimized with the Yoast SEO plugin v26.2 - https:\/\/yoast.com\/wordpress\/plugins\/seo\/ -->\n<title>Colar com Pedras Coloridas e P\u00e1ssaro - IrinasB<\/title>\n<meta name=\"description\" content=\"Colar com pedras coloridas e p\u00e1ssaro em lat\u00e3o com banho de ouro. Comprimento aproximado: 43 cm +4 cm de ajuste\" \/>\n<meta name=\"robots\" content=\"index, follow, max-snippet:-1, max-image-preview:large, max-video-preview:-1\" \/>\n<link rel=\"canonical\" href=\"https:\/\/irinasb.com\/en\/product\/colar-com-pedras-bordo-e-passaro\/\" \/>\n<meta property=\"og:locale\" content=\"en_GB\" \/>\n<meta property=\"og:type\" content=\"article\" \/>\n<meta property=\"og:title\" content=\"Colar com Pedras Coloridas e P\u00e1ssaro - IrinasB\" \/>\n<meta property=\"og:description\" content=\"Colar com pedras coloridas e p\u00e1ssaro em lat\u00e3o com banho de ouro. Comprimento aproximado: 43 cm +4 cm de ajuste\" \/>\n<meta property=\"og:url\" content=\"https:\/\/irinasb.com\/en\/product\/colar-com-pedras-bordo-e-passaro\/\" \/>\n<meta property=\"og:site_name\" content=\"IrinasB\" \/>\n<meta property=\"article:modified_time\" content=\"2026-04-07T10:21:00+00:00\" \/>\n<meta property=\"og:image\" content=\"https:\/\/irinasb.com\/wp-content\/uploads\/2025\/11\/colar-pedras-coloridas-e-passaro-3.jpg\" \/>\n\t<meta property=\"og:image:width\" content=\"800\" \/>\n\t<meta property=\"og:image:height\" content=\"934\" \/>\n\t<meta property=\"og:image:type\" content=\"image\/jpeg\" \/>\n<meta name=\"twitter:card\" content=\"summary_large_image\" \/>\n<meta name=\"twitter:label1\" content=\"Estimated reading time\" \/>\n\t<meta name=\"twitter:data1\" content=\"2 minutes\" \/>\n<script type=\"application\/ld+json\" class=\"yoast-schema-graph\">{\"@context\":\"https:\/\/schema.org\",\"@graph\":[{\"@type\":\"WebPage\",\"@id\":\"https:\/\/irinasb.com\/produto\/colar-com-pedras-bordo-e-passaro\/\",\"url\":\"https:\/\/irinasb.com\/produto\/colar-com-pedras-bordo-e-passaro\/\",\"name\":\"Colar com Pedras Coloridas e P\u00e1ssaro - IrinasB\",\"isPartOf\":{\"@id\":\"https:\/\/irinasb.com\/#website\"},\"primaryImageOfPage\":{\"@id\":\"https:\/\/irinasb.com\/produto\/colar-com-pedras-bordo-e-passaro\/#primaryimage\"},\"image\":{\"@id\":\"https:\/\/irinasb.com\/produto\/colar-com-pedras-bordo-e-passaro\/#primaryimage\"},\"thumbnailUrl\":\"https:\/\/irinasb.com\/wp-content\/uploads\/2025\/11\/colar-pedras-coloridas-e-passaro-3.jpg\",\"datePublished\":\"2025-11-21T22:37:12+00:00\",\"dateModified\":\"2026-04-07T10:21:00+00:00\",\"description\":\"Colar com pedras coloridas e p\u00e1ssaro em lat\u00e3o com banho de ouro. Comprimento aproximado: 43 cm +4 cm de ajuste\",\"breadcrumb\":{\"@id\":\"https:\/\/irinasb.com\/produto\/colar-com-pedras-bordo-e-passaro\/#breadcrumb\"},\"inLanguage\":\"en-GB\",\"potentialAction\":[{\"@type\":\"ReadAction\",\"target\":[\"https:\/\/irinasb.com\/produto\/colar-com-pedras-bordo-e-passaro\/\"]}]},{\"@type\":\"ImageObject\",\"inLanguage\":\"en-GB\",\"@id\":\"https:\/\/irinasb.com\/produto\/colar-com-pedras-bordo-e-passaro\/#primaryimage\",\"url\":\"https:\/\/irinasb.com\/wp-content\/uploads\/2025\/11\/colar-pedras-coloridas-e-passaro-3.jpg\",\"contentUrl\":\"https:\/\/irinasb.com\/wp-content\/uploads\/2025\/11\/colar-pedras-coloridas-e-passaro-3.jpg\",\"width\":800,\"height\":934},{\"@type\":\"BreadcrumbList\",\"@id\":\"https:\/\/irinasb.com\/produto\/colar-com-pedras-bordo-e-passaro\/#breadcrumb\",\"itemListElement\":[{\"@type\":\"ListItem\",\"position\":1,\"name\":\"Home\",\"item\":\"https:\/\/irinasb.com\/\"},{\"@type\":\"ListItem\",\"position\":2,\"name\":\"Loja\",\"item\":\"https:\/\/irinasb.com\/loja\/\"},{\"@type\":\"ListItem\",\"position\":3,\"name\":\"Colar com Pedras Coloridas e P\u00e1ssaro\"}]},{\"@type\":\"WebSite\",\"@id\":\"https:\/\/irinasb.com\/#website\",\"url\":\"https:\/\/irinasb.com\/\",\"name\":\"IrinasB\",\"description\":\"Handmade Dreams\",\"publisher\":{\"@id\":\"https:\/\/irinasb.com\/#organization\"},\"potentialAction\":[{\"@type\":\"SearchAction\",\"target\":{\"@type\":\"EntryPoint\",\"urlTemplate\":\"https:\/\/irinasb.com\/?s={search_term_string}\"},\"query-input\":{\"@type\":\"PropertyValueSpecification\",\"valueRequired\":true,\"valueName\":\"search_term_string\"}}],\"inLanguage\":\"en-GB\"},{\"@type\":\"Organization\",\"@id\":\"https:\/\/irinasb.com\/#organization\",\"name\":\"IrinasB\",\"url\":\"https:\/\/irinasb.com\/\",\"logo\":{\"@type\":\"ImageObject\",\"inLanguage\":\"en-GB\",\"@id\":\"https:\/\/irinasb.com\/#\/schema\/logo\/image\/\",\"url\":\"https:\/\/irinasb.com\/wp-content\/uploads\/2016\/11\/logo.fw_.png\",\"contentUrl\":\"https:\/\/irinasb.com\/wp-content\/uploads\/2016\/11\/logo.fw_.png\",\"width\":900,\"height\":453,\"caption\":\"IrinasB\"},\"image\":{\"@id\":\"https:\/\/irinasb.com\/#\/schema\/logo\/image\/\"}}]}<\/script>\n<!-- \/ Yoast SEO plugin. -->","yoast_head_json":{"title":"Colar com Pedras Coloridas e P\u00e1ssaro - IrinasB","description":"Colar com pedras coloridas e p\u00e1ssaro em lat\u00e3o com banho de ouro. Comprimento aproximado: 43 cm +4 cm de ajuste","robots":{"index":"index","follow":"follow","max-snippet":"max-snippet:-1","max-image-preview":"max-image-preview:large","max-video-preview":"max-video-preview:-1"},"canonical":"https:\/\/irinasb.com\/en\/product\/colar-com-pedras-bordo-e-passaro\/","og_locale":"en_GB","og_type":"article","og_title":"Colar com Pedras Coloridas e P\u00e1ssaro - IrinasB","og_description":"Colar com pedras coloridas e p\u00e1ssaro em lat\u00e3o com banho de ouro. Comprimento aproximado: 43 cm +4 cm de ajuste","og_url":"https:\/\/irinasb.com\/en\/product\/colar-com-pedras-bordo-e-passaro\/","og_site_name":"IrinasB","article_modified_time":"2026-04-07T10:21:00+00:00","og_image":[{"width":800,"height":934,"url":"https:\/\/irinasb.com\/wp-content\/uploads\/2025\/11\/colar-pedras-coloridas-e-passaro-3.jpg","type":"image\/jpeg"}],"twitter_card":"summary_large_image","twitter_misc":{"Estimated reading time":"2 minutes"},"schema":{"@context":"https:\/\/schema.org","@graph":[{"@type":"WebPage","@id":"https:\/\/irinasb.com\/produto\/colar-com-pedras-bordo-e-passaro\/","url":"https:\/\/irinasb.com\/produto\/colar-com-pedras-bordo-e-passaro\/","name":"Colar com Pedras Coloridas e P\u00e1ssaro - IrinasB","isPartOf":{"@id":"https:\/\/irinasb.com\/#website"},"primaryImageOfPage":{"@id":"https:\/\/irinasb.com\/produto\/colar-com-pedras-bordo-e-passaro\/#primaryimage"},"image":{"@id":"https:\/\/irinasb.com\/produto\/colar-com-pedras-bordo-e-passaro\/#primaryimage"},"thumbnailUrl":"https:\/\/irinasb.com\/wp-content\/uploads\/2025\/11\/colar-pedras-coloridas-e-passaro-3.jpg","datePublished":"2025-11-21T22:37:12+00:00","dateModified":"2026-04-07T10:21:00+00:00","description":"Colar com pedras coloridas e p\u00e1ssaro em lat\u00e3o com banho de ouro. Comprimento aproximado: 43 cm +4 cm de ajuste","breadcrumb":{"@id":"https:\/\/irinasb.com\/produto\/colar-com-pedras-bordo-e-passaro\/#breadcrumb"},"inLanguage":"en-GB","potentialAction":[{"@type":"ReadAction","target":["https:\/\/irinasb.com\/produto\/colar-com-pedras-bordo-e-passaro\/"]}]},{"@type":"ImageObject","inLanguage":"en-GB","@id":"https:\/\/irinasb.com\/produto\/colar-com-pedras-bordo-e-passaro\/#primaryimage","url":"https:\/\/irinasb.com\/wp-content\/uploads\/2025\/11\/colar-pedras-coloridas-e-passaro-3.jpg","contentUrl":"https:\/\/irinasb.com\/wp-content\/uploads\/2025\/11\/colar-pedras-coloridas-e-passaro-3.jpg","width":800,"height":934},{"@type":"BreadcrumbList","@id":"https:\/\/irinasb.com\/produto\/colar-com-pedras-bordo-e-passaro\/#breadcrumb","itemListElement":[{"@type":"ListItem","position":1,"name":"Home","item":"https:\/\/irinasb.com\/"},{"@type":"ListItem","position":2,"name":"Loja","item":"https:\/\/irinasb.com\/loja\/"},{"@type":"ListItem","position":3,"name":"Colar com Pedras Coloridas e P\u00e1ssaro"}]},{"@type":"WebSite","@id":"https:\/\/irinasb.com\/#website","url":"https:\/\/irinasb.com\/","name":"IrinasB","description":"Handmade Dreams","publisher":{"@id":"https:\/\/irinasb.com\/#organization"},"potentialAction":[{"@type":"SearchAction","target":{"@type":"EntryPoint","urlTemplate":"https:\/\/irinasb.com\/?s={search_term_string}"},"query-input":{"@type":"PropertyValueSpecification","valueRequired":true,"valueName":"search_term_string"}}],"inLanguage":"en-GB"},{"@type":"Organization","@id":"https:\/\/irinasb.com\/#organization","name":"IrinasB","url":"https:\/\/irinasb.com\/","logo":{"@type":"ImageObject","inLanguage":"en-GB","@id":"https:\/\/irinasb.com\/#\/schema\/logo\/image\/","url":"https:\/\/irinasb.com\/wp-content\/uploads\/2016\/11\/logo.fw_.png","contentUrl":"https:\/\/irinasb.com\/wp-content\/uploads\/2016\/11\/logo.fw_.png","width":900,"height":453,"caption":"IrinasB"},"image":{"@id":"https:\/\/irinasb.com\/#\/schema\/logo\/image\/"}}]}},"_links":{"self":[{"href":"https:\/\/irinasb.com\/en\/wp-json\/wp\/v2\/product\/32308","targetHints":{"allow":["GET"]}}],"collection":[{"href":"https:\/\/irinasb.com\/en\/wp-json\/wp\/v2\/product"}],"about":[{"href":"https:\/\/irinasb.com\/en\/wp-json\/wp\/v2\/types\/product"}],"replies":[{"embeddable":true,"href":"https:\/\/irinasb.com\/en\/wp-json\/wp\/v2\/comments?post=32308"}],"wp:featuredmedia":[{"embeddable":true,"href":"https:\/\/irinasb.com\/en\/wp-json\/wp\/v2\/media\/32914"}],"wp:attachment":[{"href":"https:\/\/irinasb.com\/en\/wp-json\/wp\/v2\/media?parent=32308"}],"wp:term":[{"taxonomy":"product_brand","embeddable":true,"href":"https:\/\/irinasb.com\/en\/wp-json\/wp\/v2\/product_brand?post=32308"},{"taxonomy":"product_cat","embeddable":true,"href":"https:\/\/irinasb.com\/en\/wp-json\/wp\/v2\/product_cat?post=32308"},{"taxonomy":"product_tag","embeddable":true,"href":"https:\/\/irinasb.com\/en\/wp-json\/wp\/v2\/product_tag?post=32308"}],"curies":[{"name":"wp","href":"https:\/\/api.w.org\/{rel}","templated":true}]}}