{"id":32304,"date":"2025-11-21T22:05:37","date_gmt":"2025-11-21T22:05:37","guid":{"rendered":"https:\/\/irinasb.com\/?post_type=product&#038;p=32304"},"modified":"2026-01-02T18:11:37","modified_gmt":"2026-01-02T18:11:37","slug":"colar-com-perolas-barrocas","status":"publish","type":"product","link":"https:\/\/irinasb.com\/en\/product\/colar-com-perolas-barrocas\/","title":{"rendered":"Colar com P\u00e9rolas Barrocas"},"content":{"rendered":"<ul data-start=\"771\" data-end=\"1234\">\n<li data-start=\"771\" data-end=\"872\">\n<p data-start=\"773\" data-end=\"872\"><strong data-start=\"773\" data-end=\"792\">Tipo de P\u00e9rolas<\/strong>: Barrocas (irregulares e n\u00e3o esf\u00e9ricas)<\/p>\n<\/li>\n<li data-start=\"873\" data-end=\"970\">\n<p data-start=\"875\" data-end=\"970\"><strong data-start=\"875\" data-end=\"899\">Acabamento da P\u00e9rola<\/strong>: Alto brilho \/ lustre real\u00e7ado<\/p>\n<\/li>\n<li data-start=\"971\" data-end=\"1048\">\n<p data-start=\"973\" data-end=\"1048\"><strong data-start=\"973\" data-end=\"992\">Material dourado<\/strong>: A\u00e7o inoxid\u00e1vel<\/p>\n<\/li>\n<li data-start=\"1049\" data-end=\"1120\">\n<p data-start=\"1051\" data-end=\"1120\"><strong data-start=\"1051\" data-end=\"1061\">design<\/strong>: Cl\u00e1ssico, mas com apelo art\u00edstico \u2014 cada p\u00e9rola \u00e9 \u00fanica<\/p>\n<\/li>\n<li data-start=\"1121\" data-end=\"1178\">\n<p data-start=\"1123\" data-end=\"1178\"><strong data-start=\"1123\" data-end=\"1138\">Comprimento<\/strong>: Aproximadamente 44 cm + 4 cm de ajuste<\/p>\n<\/li>\n<\/ul>\n<h3 data-start=\"1241\" data-end=\"1282\"><\/h3>\n<h3 data-start=\"1241\" data-end=\"1282\">Por que Deve Comprar<\/h3>\n<ul data-start=\"1283\" data-end=\"2103\">\n<li data-start=\"1283\" data-end=\"1456\">\n<p data-start=\"1285\" data-end=\"1456\"><strong data-start=\"1285\" data-end=\"1319\">Pe\u00e7a \u00fanica e com personalidade<\/strong>: as p\u00e9rolas barrocas n\u00e3o s\u00e3o uniformes \u2014 isso valoriza cada colar como uma pequena obra de arte.<\/p>\n<\/li>\n<li data-start=\"1457\" data-end=\"1592\">\n<p data-start=\"1459\" data-end=\"1592\"><strong data-start=\"1459\" data-end=\"1477\">Beleza natural<\/strong>: a forma imperfeita das p\u00e9rolas barrocas inspira autenticidade e car\u00e1cter.<\/p>\n<\/li>\n<li data-start=\"1593\" data-end=\"1736\">\n<p data-start=\"1595\" data-end=\"1736\"><strong data-start=\"1595\" data-end=\"1614\">Brilho profundo<\/strong>: a estrutura da p\u00e9rola capta a luz de diferentes \u00e2ngulos, criando reflexos vivos.<\/p>\n<\/li>\n<li data-start=\"1737\" data-end=\"1929\">\n<p data-start=\"1739\" data-end=\"1929\"><strong data-start=\"1739\" data-end=\"1765\">Sofistica\u00e7\u00e3o acess\u00edvel<\/strong>: as p\u00e9rolas barrocas, especialmente as de \u00e1gua doce, costumam ter pre\u00e7os mais acess\u00edveis que as p\u00e9rolas redondas cl\u00e1ssicas.<\/p>\n<\/li>\n<li data-start=\"1930\" data-end=\"2103\">\n<p data-start=\"1932\" data-end=\"2103\"><strong data-start=\"1932\" data-end=\"1953\">Tend\u00eancia de moda<\/strong>: as p\u00e9rolas barrocas voltaram a estar na moda, sendo valorizadas por designers pela sua imperfei\u00e7\u00e3o elegante.<\/p>\n<\/li>\n<\/ul>\n<p>&nbsp;<\/p>\n<p data-start=\"2137\" data-end=\"2398\">Este colar \u00e9 indicado para quem valoriza pe\u00e7as com <strong data-start=\"2188\" data-end=\"2219\">significado e originalidade<\/strong>. Perfeito para looks sofisticados, jantares ou eventos especiais, mas tamb\u00e9m para uso di\u00e1rio, especialmente se procuras um acess\u00f3rio que combine com pe\u00e7as elegantes e naturais.<\/p>","protected":false},"excerpt":{"rendered":"<p data-start=\"210\" data-end=\"563\">Este colar destaca-se pela sua eleg\u00e2ncia org\u00e2nica e car\u00e1ter \u00fanico, gra\u00e7as \u00e0s <strong data-start=\"287\" data-end=\"307\">p\u00e9rolas barrocas<\/strong> irregulares que o comp\u00f5em. Ao contr\u00e1rio das p\u00e9rolas perfeitamente redondas, as barrocas t\u00eam formas assim\u00e9tricas e texturas naturais, cada uma com o seu pr\u00f3prio contorno \u2014 o que torna cada pe\u00e7a verdadeiramente \u00fanica.<\/p>\n<p data-start=\"565\" data-end=\"739\">As p\u00e9rolas barrocas s\u00e3o apreciadas pela sua autenticidade e pelo brilho profundo, conferindo ao colar um aspeto art\u00edstico e sofisticado.<\/p>","protected":false},"featured_media":32305,"comment_status":"closed","ping_status":"closed","template":"","meta":[],"product_brand":[],"product_cat":[110],"product_tag":[526,852,851],"class_list":{"0":"post-32304","1":"product","2":"type-product","3":"status-publish","4":"has-post-thumbnail","6":"product_cat-colares","7":"product_tag-colar-de-perolas","8":"product_tag-perolas-barrocas","9":"product_tag-perolas-castanhas","11":"first","12":"instock","13":"shipping-taxable","14":"purchasable","15":"product-type-simple"},"yoast_head":"<!-- This site is optimized with the Yoast SEO plugin v26.2 - https:\/\/yoast.com\/wordpress\/plugins\/seo\/ -->\n<title>Colar com P\u00e9rolas Barrocas - IrinasB<\/title>\n<meta name=\"description\" content=\"Colar de p\u00e9rolas barrocas castanhas e acess\u00f3rios dourados em a\u00e7o inoxid\u00e1vel.\" \/>\n<meta name=\"robots\" content=\"index, follow, max-snippet:-1, max-image-preview:large, max-video-preview:-1\" \/>\n<link rel=\"canonical\" href=\"https:\/\/irinasb.com\/en\/product\/colar-com-perolas-barrocas\/\" \/>\n<meta property=\"og:locale\" content=\"en_GB\" \/>\n<meta property=\"og:type\" content=\"article\" \/>\n<meta property=\"og:title\" content=\"Colar com P\u00e9rolas Barrocas - IrinasB\" \/>\n<meta property=\"og:description\" content=\"Colar de p\u00e9rolas barrocas castanhas e acess\u00f3rios dourados em a\u00e7o inoxid\u00e1vel.\" \/>\n<meta property=\"og:url\" content=\"https:\/\/irinasb.com\/en\/product\/colar-com-perolas-barrocas\/\" \/>\n<meta property=\"og:site_name\" content=\"IrinasB\" \/>\n<meta property=\"article:modified_time\" content=\"2026-01-02T18:11:37+00:00\" \/>\n<meta property=\"og:image\" content=\"https:\/\/irinasb.com\/wp-content\/uploads\/2025\/11\/colar-perolas-barrocas-castanhas.jpg\" \/>\n\t<meta property=\"og:image:width\" content=\"800\" \/>\n\t<meta property=\"og:image:height\" content=\"978\" \/>\n\t<meta property=\"og:image:type\" content=\"image\/jpeg\" \/>\n<meta name=\"twitter:card\" content=\"summary_large_image\" \/>\n<meta name=\"twitter:label1\" content=\"Estimated reading time\" \/>\n\t<meta name=\"twitter:data1\" content=\"2 minutes\" \/>\n<script type=\"application\/ld+json\" class=\"yoast-schema-graph\">{\"@context\":\"https:\/\/schema.org\",\"@graph\":[{\"@type\":\"WebPage\",\"@id\":\"https:\/\/irinasb.com\/produto\/colar-com-perolas-barrocas\/\",\"url\":\"https:\/\/irinasb.com\/produto\/colar-com-perolas-barrocas\/\",\"name\":\"Colar com P\u00e9rolas Barrocas - IrinasB\",\"isPartOf\":{\"@id\":\"https:\/\/irinasb.com\/#website\"},\"primaryImageOfPage\":{\"@id\":\"https:\/\/irinasb.com\/produto\/colar-com-perolas-barrocas\/#primaryimage\"},\"image\":{\"@id\":\"https:\/\/irinasb.com\/produto\/colar-com-perolas-barrocas\/#primaryimage\"},\"thumbnailUrl\":\"https:\/\/irinasb.com\/wp-content\/uploads\/2025\/11\/colar-perolas-barrocas-castanhas.jpg\",\"datePublished\":\"2025-11-21T22:05:37+00:00\",\"dateModified\":\"2026-01-02T18:11:37+00:00\",\"description\":\"Colar de p\u00e9rolas barrocas castanhas e acess\u00f3rios dourados em a\u00e7o inoxid\u00e1vel.\",\"breadcrumb\":{\"@id\":\"https:\/\/irinasb.com\/produto\/colar-com-perolas-barrocas\/#breadcrumb\"},\"inLanguage\":\"en-GB\",\"potentialAction\":[{\"@type\":\"ReadAction\",\"target\":[\"https:\/\/irinasb.com\/produto\/colar-com-perolas-barrocas\/\"]}]},{\"@type\":\"ImageObject\",\"inLanguage\":\"en-GB\",\"@id\":\"https:\/\/irinasb.com\/produto\/colar-com-perolas-barrocas\/#primaryimage\",\"url\":\"https:\/\/irinasb.com\/wp-content\/uploads\/2025\/11\/colar-perolas-barrocas-castanhas.jpg\",\"contentUrl\":\"https:\/\/irinasb.com\/wp-content\/uploads\/2025\/11\/colar-perolas-barrocas-castanhas.jpg\",\"width\":800,\"height\":978},{\"@type\":\"BreadcrumbList\",\"@id\":\"https:\/\/irinasb.com\/produto\/colar-com-perolas-barrocas\/#breadcrumb\",\"itemListElement\":[{\"@type\":\"ListItem\",\"position\":1,\"name\":\"Home\",\"item\":\"https:\/\/irinasb.com\/\"},{\"@type\":\"ListItem\",\"position\":2,\"name\":\"Loja\",\"item\":\"https:\/\/irinasb.com\/loja\/\"},{\"@type\":\"ListItem\",\"position\":3,\"name\":\"Colar com P\u00e9rolas Barrocas\"}]},{\"@type\":\"WebSite\",\"@id\":\"https:\/\/irinasb.com\/#website\",\"url\":\"https:\/\/irinasb.com\/\",\"name\":\"IrinasB\",\"description\":\"Handmade Dreams\",\"publisher\":{\"@id\":\"https:\/\/irinasb.com\/#organization\"},\"potentialAction\":[{\"@type\":\"SearchAction\",\"target\":{\"@type\":\"EntryPoint\",\"urlTemplate\":\"https:\/\/irinasb.com\/?s={search_term_string}\"},\"query-input\":{\"@type\":\"PropertyValueSpecification\",\"valueRequired\":true,\"valueName\":\"search_term_string\"}}],\"inLanguage\":\"en-GB\"},{\"@type\":\"Organization\",\"@id\":\"https:\/\/irinasb.com\/#organization\",\"name\":\"IrinasB\",\"url\":\"https:\/\/irinasb.com\/\",\"logo\":{\"@type\":\"ImageObject\",\"inLanguage\":\"en-GB\",\"@id\":\"https:\/\/irinasb.com\/#\/schema\/logo\/image\/\",\"url\":\"https:\/\/irinasb.com\/wp-content\/uploads\/2016\/11\/logo.fw_.png\",\"contentUrl\":\"https:\/\/irinasb.com\/wp-content\/uploads\/2016\/11\/logo.fw_.png\",\"width\":900,\"height\":453,\"caption\":\"IrinasB\"},\"image\":{\"@id\":\"https:\/\/irinasb.com\/#\/schema\/logo\/image\/\"}}]}<\/script>\n<!-- \/ Yoast SEO plugin. -->","yoast_head_json":{"title":"Colar com P\u00e9rolas Barrocas - IrinasB","description":"Colar de p\u00e9rolas barrocas castanhas e acess\u00f3rios dourados em a\u00e7o inoxid\u00e1vel.","robots":{"index":"index","follow":"follow","max-snippet":"max-snippet:-1","max-image-preview":"max-image-preview:large","max-video-preview":"max-video-preview:-1"},"canonical":"https:\/\/irinasb.com\/en\/product\/colar-com-perolas-barrocas\/","og_locale":"en_GB","og_type":"article","og_title":"Colar com P\u00e9rolas Barrocas - IrinasB","og_description":"Colar de p\u00e9rolas barrocas castanhas e acess\u00f3rios dourados em a\u00e7o inoxid\u00e1vel.","og_url":"https:\/\/irinasb.com\/en\/product\/colar-com-perolas-barrocas\/","og_site_name":"IrinasB","article_modified_time":"2026-01-02T18:11:37+00:00","og_image":[{"width":800,"height":978,"url":"https:\/\/irinasb.com\/wp-content\/uploads\/2025\/11\/colar-perolas-barrocas-castanhas.jpg","type":"image\/jpeg"}],"twitter_card":"summary_large_image","twitter_misc":{"Estimated reading time":"2 minutes"},"schema":{"@context":"https:\/\/schema.org","@graph":[{"@type":"WebPage","@id":"https:\/\/irinasb.com\/produto\/colar-com-perolas-barrocas\/","url":"https:\/\/irinasb.com\/produto\/colar-com-perolas-barrocas\/","name":"Colar com P\u00e9rolas Barrocas - IrinasB","isPartOf":{"@id":"https:\/\/irinasb.com\/#website"},"primaryImageOfPage":{"@id":"https:\/\/irinasb.com\/produto\/colar-com-perolas-barrocas\/#primaryimage"},"image":{"@id":"https:\/\/irinasb.com\/produto\/colar-com-perolas-barrocas\/#primaryimage"},"thumbnailUrl":"https:\/\/irinasb.com\/wp-content\/uploads\/2025\/11\/colar-perolas-barrocas-castanhas.jpg","datePublished":"2025-11-21T22:05:37+00:00","dateModified":"2026-01-02T18:11:37+00:00","description":"Colar de p\u00e9rolas barrocas castanhas e acess\u00f3rios dourados em a\u00e7o inoxid\u00e1vel.","breadcrumb":{"@id":"https:\/\/irinasb.com\/produto\/colar-com-perolas-barrocas\/#breadcrumb"},"inLanguage":"en-GB","potentialAction":[{"@type":"ReadAction","target":["https:\/\/irinasb.com\/produto\/colar-com-perolas-barrocas\/"]}]},{"@type":"ImageObject","inLanguage":"en-GB","@id":"https:\/\/irinasb.com\/produto\/colar-com-perolas-barrocas\/#primaryimage","url":"https:\/\/irinasb.com\/wp-content\/uploads\/2025\/11\/colar-perolas-barrocas-castanhas.jpg","contentUrl":"https:\/\/irinasb.com\/wp-content\/uploads\/2025\/11\/colar-perolas-barrocas-castanhas.jpg","width":800,"height":978},{"@type":"BreadcrumbList","@id":"https:\/\/irinasb.com\/produto\/colar-com-perolas-barrocas\/#breadcrumb","itemListElement":[{"@type":"ListItem","position":1,"name":"Home","item":"https:\/\/irinasb.com\/"},{"@type":"ListItem","position":2,"name":"Loja","item":"https:\/\/irinasb.com\/loja\/"},{"@type":"ListItem","position":3,"name":"Colar com P\u00e9rolas Barrocas"}]},{"@type":"WebSite","@id":"https:\/\/irinasb.com\/#website","url":"https:\/\/irinasb.com\/","name":"IrinasB","description":"Handmade Dreams","publisher":{"@id":"https:\/\/irinasb.com\/#organization"},"potentialAction":[{"@type":"SearchAction","target":{"@type":"EntryPoint","urlTemplate":"https:\/\/irinasb.com\/?s={search_term_string}"},"query-input":{"@type":"PropertyValueSpecification","valueRequired":true,"valueName":"search_term_string"}}],"inLanguage":"en-GB"},{"@type":"Organization","@id":"https:\/\/irinasb.com\/#organization","name":"IrinasB","url":"https:\/\/irinasb.com\/","logo":{"@type":"ImageObject","inLanguage":"en-GB","@id":"https:\/\/irinasb.com\/#\/schema\/logo\/image\/","url":"https:\/\/irinasb.com\/wp-content\/uploads\/2016\/11\/logo.fw_.png","contentUrl":"https:\/\/irinasb.com\/wp-content\/uploads\/2016\/11\/logo.fw_.png","width":900,"height":453,"caption":"IrinasB"},"image":{"@id":"https:\/\/irinasb.com\/#\/schema\/logo\/image\/"}}]}},"_links":{"self":[{"href":"https:\/\/irinasb.com\/en\/wp-json\/wp\/v2\/product\/32304","targetHints":{"allow":["GET"]}}],"collection":[{"href":"https:\/\/irinasb.com\/en\/wp-json\/wp\/v2\/product"}],"about":[{"href":"https:\/\/irinasb.com\/en\/wp-json\/wp\/v2\/types\/product"}],"replies":[{"embeddable":true,"href":"https:\/\/irinasb.com\/en\/wp-json\/wp\/v2\/comments?post=32304"}],"wp:featuredmedia":[{"embeddable":true,"href":"https:\/\/irinasb.com\/en\/wp-json\/wp\/v2\/media\/32305"}],"wp:attachment":[{"href":"https:\/\/irinasb.com\/en\/wp-json\/wp\/v2\/media?parent=32304"}],"wp:term":[{"taxonomy":"product_brand","embeddable":true,"href":"https:\/\/irinasb.com\/en\/wp-json\/wp\/v2\/product_brand?post=32304"},{"taxonomy":"product_cat","embeddable":true,"href":"https:\/\/irinasb.com\/en\/wp-json\/wp\/v2\/product_cat?post=32304"},{"taxonomy":"product_tag","embeddable":true,"href":"https:\/\/irinasb.com\/en\/wp-json\/wp\/v2\/product_tag?post=32304"}],"curies":[{"name":"wp","href":"https:\/\/api.w.org\/{rel}","templated":true}]}}